{"id":406,"date":"2016-09-27T09:51:22","date_gmt":"2016-09-27T09:51:22","guid":{"rendered":"http:\/\/fitness2.mythemecloud.io\/?page_id=406"},"modified":"2026-02-07T08:26:19","modified_gmt":"2026-02-07T08:26:19","slug":"datos-carrera","status":"publish","type":"page","link":"https:\/\/desafiovalcesar.com\/index.php\/datos-carrera\/","title":{"rendered":"Datos Carrera"},"content":{"rendered":"\t\t<div data-elementor-type=\"wp-post\" data-elementor-id=\"406\" class=\"elementor elementor-406\">\n\t\t\t\t\t\t<section class=\"elementor-section elementor-top-section elementor-element elementor-element-ybrx6zd elementor-section-content-middle elementor-section-boxed elementor-section-height-default elementor-section-height-default\" data-id=\"ybrx6zd\" data-element_type=\"section\" data-e-type=\"section\">\n\t\t\t\t\t\t<div class=\"elementor-container elementor-column-gap-default\">\n\t\t\t\t\t<div class=\"elementor-column elementor-col-50 elementor-top-column elementor-element elementor-element-nm7wyr2\" data-id=\"nm7wyr2\" data-element_type=\"column\" data-e-type=\"column\">\n\t\t\t<div class=\"elementor-widget-wrap elementor-element-populated\">\n\t\t\t\t\t\t<div class=\"elementor-element elementor-element-shc2be8 elementor-widget elementor-widget-image\" data-id=\"shc2be8\" data-element_type=\"widget\" data-e-type=\"widget\" data-widget_type=\"image.default\">\n\t\t\t\t<div class=\"elementor-widget-container\">\n\t\t\t\t\t\t\t\t\t\t\t\t\t\t\t<img fetchpriority=\"high\" decoding=\"async\" width=\"768\" height=\"511\" src=\"https:\/\/desafiovalcesar.com\/wp-content\/uploads\/2024\/06\/2024060TRAIL_VALCESAR_-5-768x511.jpg\" class=\"attachment-medium_large size-medium_large wp-image-1973\" alt=\"\" srcset=\"https:\/\/desafiovalcesar.com\/wp-content\/uploads\/2024\/06\/2024060TRAIL_VALCESAR_-5-768x511.jpg 768w, https:\/\/desafiovalcesar.com\/wp-content\/uploads\/2024\/06\/2024060TRAIL_VALCESAR_-5-300x200.jpg 300w, https:\/\/desafiovalcesar.com\/wp-content\/uploads\/2024\/06\/2024060TRAIL_VALCESAR_-5-1024x681.jpg 1024w, https:\/\/desafiovalcesar.com\/wp-content\/uploads\/2024\/06\/2024060TRAIL_VALCESAR_-5-1536x1022.jpg 1536w, https:\/\/desafiovalcesar.com\/wp-content\/uploads\/2024\/06\/2024060TRAIL_VALCESAR_-5.jpg 2000w\" sizes=\"(max-width: 768px) 100vw, 768px\" \/>\t\t\t\t\t\t\t\t\t\t\t\t\t\t\t<\/div>\n\t\t\t\t<\/div>\n\t\t\t\t\t<\/div>\n\t\t<\/div>\n\t\t\t\t<div class=\"elementor-column elementor-col-50 elementor-top-column elementor-element elementor-element-r7gqrhq\" data-id=\"r7gqrhq\" data-element_type=\"column\" data-e-type=\"column\">\n\t\t\t<div class=\"elementor-widget-wrap elementor-element-populated\">\n\t\t\t\t\t\t<div class=\"elementor-element elementor-element-x4fpxui elementor-widget elementor-widget-text-editor\" data-id=\"x4fpxui\" data-element_type=\"widget\" data-e-type=\"widget\" data-widget_type=\"text-editor.default\">\n\t\t\t\t<div class=\"elementor-widget-container\">\n\t\t\t\t\t\t\t\t\t<p>El Desaf\u00edo Valcesar nace con un prop\u00f3sito claro: ense\u00f1ar la riqueza de una regi\u00f3n desconocida, el Valle del Curue\u00f1o, en la monta\u00f1a oriental leonesa. Situado al norte de la provincia de Le\u00f3n, a tan solo 30 minutos de la ciudad de Le\u00f3n y perfectamente comunicada por carretera o ferrocarril de v\u00eda estrecha. El nombre del Desaf\u00edo proviene del Valle de Valdec\u00e9sar (popularmente conocido como valle de\u00a0Valcesar) ubicado en el t\u00e9rmino municipal de Valdepi\u00e9lago. En este valle tuvo lugar el retiro mon\u00e1stico de San Froil\u00e1n, en la etapa erem\u00edtica del siglo IX. San Froil\u00e1n vivi\u00f3 primero en una cueva, en la llamada \u00abPe\u00f1a el Santo\u00bb,\u00a0junto al pueblo de Valdorria, donde se alza su ermita y posteriormente fund\u00f3 hasta tres monasterios en el abeseo del valle, en el terreno de Valdec\u00e9sar, donde nace el arroyo que da lugar a la conocida cascada \u201cCola de caballo\u201d. Es un lugar con recursos inexplorados que merece ser descubierto; por sus gentes, sus impresionantes paisajes y sus arraigadas costumbres.<\/p>\t\t\t\t\t\t\t\t<\/div>\n\t\t\t\t<\/div>\n\t\t\t\t\t<\/div>\n\t\t<\/div>\n\t\t\t\t\t<\/div>\n\t\t<\/section>\n\t\t\t\t<section class=\"elementor-section elementor-top-section elementor-element elementor-element-qod0lr5 elementor-section-boxed elementor-section-height-default elementor-section-height-default\" data-id=\"qod0lr5\" data-element_type=\"section\" data-e-type=\"section\">\n\t\t\t\t\t\t<div class=\"elementor-container elementor-column-gap-custom\">\n\t\t\t\t\t<div class=\"elementor-column elementor-col-100 elementor-top-column elementor-element elementor-element-077q1uq\" data-id=\"077q1uq\" data-element_type=\"column\" data-e-type=\"column\">\n\t\t\t<div class=\"elementor-widget-wrap elementor-element-populated\">\n\t\t\t\t\t\t<div class=\"elementor-element elementor-element-119f15a elementor-align-center elementor-widget elementor-widget-button\" data-id=\"119f15a\" data-element_type=\"widget\" data-e-type=\"widget\" data-widget_type=\"button.default\">\n\t\t\t\t<div class=\"elementor-widget-container\">\n\t\t\t\t\t\t\t\t\t<div class=\"elementor-button-wrapper\">\n\t\t\t\t\t<a class=\"elementor-button elementor-button-link elementor-size-sm\" href=\"https:\/\/desafiovalcesar.com\/wp-content\/uploads\/2026\/01\/DOSSIER-III-DESAFIO-TRAIL_20260128_145517_0000.pdf\" target=\"_blank\">\n\t\t\t\t\t\t<span class=\"elementor-button-content-wrapper\">\n\t\t\t\t\t\t<span class=\"elementor-button-icon\">\n\t\t\t\t<svg aria-hidden=\"true\" class=\"e-font-icon-svg e-far-file-pdf\" viewBox=\"0 0 384 512\" xmlns=\"http:\/\/www.w3.org\/2000\/svg\"><path d=\"M369.9 97.9L286 14C277 5 264.8-.1 252.1-.1H48C21.5 0 0 21.5 0 48v416c0 26.5 21.5 48 48 48h288c26.5 0 48-21.5 48-48V131.9c0-12.7-5.1-25-14.1-34zM332.1 128H256V51.9l76.1 76.1zM48 464V48h160v104c0 13.3 10.7 24 24 24h104v288H48zm250.2-143.7c-12.2-12-47-8.7-64.4-6.5-17.2-10.5-28.7-25-36.8-46.3 3.9-16.1 10.1-40.6 5.4-56-4.2-26.2-37.8-23.6-42.6-5.9-4.4 16.1-.4 38.5 7 67.1-10 23.9-24.9 56-35.4 74.4-20 10.3-47 26.2-51 46.2-3.3 15.8 26 55.2 76.1-31.2 22.4-7.4 46.8-16.5 68.4-20.1 18.9 10.2 41 17 55.8 17 25.5 0 28-28.2 17.5-38.7zm-198.1 77.8c5.1-13.7 24.5-29.5 30.4-35-19 30.3-30.4 35.7-30.4 35zm81.6-190.6c7.4 0 6.7 32.1 1.8 40.8-4.4-13.9-4.3-40.8-1.8-40.8zm-24.4 136.6c9.7-16.9 18-37 24.7-54.7 8.3 15.1 18.9 27.2 30.1 35.5-20.8 4.3-38.9 13.1-54.8 19.2zm131.6-5s-5 6-37.3-7.8c35.1-2.6 40.9 5.4 37.3 7.8z\"><\/path><\/svg>\t\t\t<\/span>\n\t\t\t\t\t\t\t\t\t<span class=\"elementor-button-text\">DESCARGAR DOSIER<\/span>\n\t\t\t\t\t<\/span>\n\t\t\t\t\t<\/a>\n\t\t\t\t<\/div>\n\t\t\t\t\t\t\t\t<\/div>\n\t\t\t\t<\/div>\n\t\t\t\t<div class=\"elementor-element elementor-element-i7fhzf9 elementor-widget__width-initial elementor-widget elementor-widget-text-editor\" data-id=\"i7fhzf9\" data-element_type=\"widget\" data-e-type=\"widget\" data-widget_type=\"text-editor.default\">\n\t\t\t\t<div class=\"elementor-widget-container\">\n\t\t\t\t\t\t\t\t\t<p>\u00bfQu\u00e9 mejor manera de explorar los rincones m\u00e1s rec\u00f3nditos y menos accesibles que a trav\u00e9s de una carrera de monta\u00f1a? Esta traves\u00eda nos sumerge en senderos encantados, bosques que parecen sacados de cuentos, un hermoso riachuelo que desemboca en la imponente cascada Cola de Caballo, y nos permite tocar la historia en las ruinas b\u00e9licas de la Guerra Civil Espa\u00f1ola (restos de trincheras, parapetos o bunkers) y el castillo de Aviados que data del siglo XI, hogar de la famosa reina Do\u00f1a Urraca I de Le\u00f3n. Todos estos lugares magn\u00edficos forman parte del misterioso \u201cCamino Olvidado\u201d (ruta que une el Camino del Norte, desde Bilbao, con el camino franc\u00e9s en Villafranca del Bierzo).El Camino Olvidado fue utilizado por peregrinos desde el siglo IX hasta el XIII para protegerse de los ataques musulmanes en su camino a Santiago de Compostela, caminaremos hac\u00eda la Ermita de San Froil\u00e1n en el pueblo de Valdorria, uno de los pueblos m\u00e1s elevados de la Cordillera Cant\u00e1brica. Todo bajo la atenta mirada de los imponentes colosos de piedra caliza, Pe\u00f1a Valdorria y Pe\u00f1a Galicia.Este evento es posible gracias a la colaboraci\u00f3n y esfuerzo desinteresado de voluntarios y vecinos dedicados al desbroce de senderos, marcaje y apoyo a la organizaci\u00f3n. Adem\u00e1s, cuenta con el apoyo incondicional del Ayuntamiento de Valdepi\u00e9lago y las Juntas Vecinales de la comarca.Es una oportunidad \u00fanica para celebrar la historia, la naturaleza y el esfuerzo comunitario. \u00bfTe unir\u00e1s a nosotros para descubrir este tesoro oculto del Valle del Curue\u00f1o en el primer Desaf\u00edo Valcesar? \u00a1Una experiencia que promete aventura, descubrimiento y el encuentro con la autenticidad de la monta\u00f1a leonesa!<\/p>\n<div>\n<div>\n<div>\n<p><span style=\"font-size: 16px;\"><strong>LA CARRERA <\/strong><\/span><\/p>\n<p>Consta de dos recorridos, ambas rutas circulares. El punto de salida y llegada ser\u00e1 desde la campa del Ayuntamiento de Valdepi\u00e9lago<\/p>\n<p>&#8211; Prueba larga: 24 kil\u00f3metros 1700 metros de desnivel positivo. Nivel de dificultad: Dif\u00edcil \/ Muy dif\u00edcil.<\/p>\n<p>&#8211; Prueba corta: 15 kil\u00f3metros 800 metros de desnivel positivo. Nivel de dificultad: Moderada<\/p>\n<p><span style=\"font-size: 16px;\"><strong>INSCRIPCIONES<\/strong><\/span><\/p>\n<p>Primer tramo (del 1 de febrero al 31 de marzo 2026): 18\u20ac marcha corta. 20\u20ac marcha larga.<\/p>\n<p>Segundo tramo (1 de abril al 27 de mayo 2026): 20\u20ac marcha corta. 22\u20ac marcha larga.<\/p>\n<p>&#8211; L\u00edmite de inscripciones: 300.<\/p>\n<p>&#8211; El 27 de mayo 2026 se cerrar\u00e1n las inscripciones.<\/p>\n<p><span style=\"font-size: 16px;\"><strong>REGLAMENTO<\/strong><\/span><\/p>\n<p><strong><ins>Art. 1<\/ins><\/strong> El III Trail Desaf\u00edo Valcesar est\u00e1 organizado por el Club Deportivo Popular Curue\u00f1o Xtrem. Tendr\u00e1 lugar el d\u00eda 30 de mayo de 2026.&nbsp;<\/p>\n<p><strong><ins>Art. 2<\/ins><\/strong> La salida y llegada tendr\u00e1n lugar en la localidad la Valdepi\u00e9lago en la provincia de Le\u00f3n, y transcurrir\u00e1 por los t\u00e9rminos municipales de Valdepi\u00e9lago y La Vecilla de Curue\u00f1o. Es una carrera a pie por terreno de monta\u00f1a con trazado circular.&nbsp;<\/p>\n<p><strong><ins>Art. 3<\/ins><\/strong> No es una prueba bajo el amparo de ninguna federaci\u00f3n deportiva. Se regula mediante este reglamento, sus posibles modificaciones, y las consideraciones de la Organizaci\u00f3n.&nbsp;<\/p>\n<p><strong><ins>Art. 4<\/ins><\/strong> Se podr\u00e1 suspender la prueba en caso de causas de fuerza mayor o por condiciones climatol\u00f3gicas adversas.&nbsp;<\/p>\n<p><strong><ins>Art. 5<\/ins><\/strong> Descripci\u00f3n de las pruebas.<\/p>\n<p>Tendr\u00e1 dos modalidades, 24 km con un desnivel aproximado de 1700 m+ y 15 km con un desnivel aproximado de 800 m+.<\/p>\n<p>Las pruebas se realizar\u00e1n en autosuficiencia, es decir cada corredor deber\u00e1 llevar lo necesario para completar el recorrido sin ayuda externa.&nbsp;<\/p>\n<p>La organizaci\u00f3n dispondr\u00e1 de tres puntos de avituallamiento.&nbsp;<\/p>\n<p><strong><ins>Art. 6<\/ins><\/strong> Entrega de dorsales.<\/p>\n<p>El&nbsp; 29 de mayo 2026 en el <b>Ayuntamiento de Valdepi\u00e9lago<\/b> de 17:00 a 20:00.<\/p>\n<p>El 30 de mayo, en el <b>Ayuntamiento de Valdepi\u00e9lago<\/b> de 07:00 a 08:45<\/p>\n<p>Ser\u00e1 obligatorio llevar el DNI para recoger el dorsal.&nbsp;<\/p>\n<p><strong><ins>Art. 7 <\/ins><\/strong>Horarios de las pruebas.<\/p>\n<p>&#8211; Prueba corta 15 km la salida tendr\u00e1 lugar en la campa del Ayuntamiento de Valdepi\u00e9lago a las 09:30 horas, el tiempo m\u00e1ximo para realizar la prueba ser\u00e1 de 4 horas y contar\u00e1 con dos avituallamientos.&nbsp;<\/p>\n<p>&#8211; Prueba Larga 24 km la salida tendr\u00e1 lugar en la campa del Ayuntamiento de Valdepi\u00e9lago a las 09:00 horas. El tiempo m\u00e1ximo para realizar la<br>prueba ser\u00e1 de 2 horas&nbsp; (11:00) hasta el kil\u00f3metro 10,5 coincidiendo con el primer corte o 3 horas y 45 minutos (12:45)<br>coincidiendo con el kil\u00f3metro 16,5 (segundo corte).<\/p>\n<p>La hora l\u00edmite para cruzar la meta ser\u00e1 a las 13:30 para la prueba larga (4 horas 30 min)<\/p>\n<p>Por razones de seguridad y organizaci\u00f3n el Trail Desaf\u00edo Valcesar marcha larga tendr\u00e1 un tiempo l\u00edmite, as\u00ed como controles intermedios, que los participantes que no entren dentro de los tiempos de control previstos quedar\u00e1n descalificados no apareciendo con tiempo oficial en las clasificaciones. La organizaci\u00f3n facilitar\u00e1 el transporte al punto de meta. Si alguno de los participantes decide continuar a partir de este tiempo l\u00edmite, se retirar\u00e1 su dorsal \/ chip y correr\u00e1 bajo su responsabilidad, eximiendo de cualquier responsabilidad a la organizaci\u00f3n del evento.<\/p>\n<p><strong><ins>Art. 8<\/ins><\/strong> CLASIFICACIONES.&nbsp;<\/p>\n<p>Se establecer\u00e1 una clasificaci\u00f3n para los 3 primeros ganadores, en las siguiente categor\u00edas:<\/p>\n<p>Masculino.&nbsp;<\/p>\n<p>\u00c9lite. De 18 a 39 a\u00f1os.<\/p>\n<p>M\u00e1ster 40. De 40 a 49 a\u00f1os.<\/p>\n<p>M\u00e1ster 50. M\u00e1s de 50 a\u00f1os.<\/p>\n<p>Femenino.&nbsp;<\/p>\n<p>\u00c9lite. De 18 a 39 a\u00f1os<\/p>\n<p>M\u00e1ster 40. De 40 a 49 a\u00f1os<\/p>\n<p>M\u00e1ster 50. M\u00e1s de 50 a\u00f1os<\/p>\n<p><strong><ins>Art. 9 <\/ins><\/strong>INSCRIPCIONES.&nbsp;<\/p>\n<p>Podr\u00e1n inscribirse los menores en la edad comprendida entre los 16 y los 18 a\u00f1os con un consentimiento firmado por los padres, y \u00fanicamente podr\u00e1n participar en la prueba corta 15 km.<\/p>\n<p>Las inscripciones se realizar\u00e1n en Gedsports.com con fecha l\u00edmite de inscripci\u00f3n el 27 de mayo de 2026, (no se admitir\u00e1n inscripciones fuera de ese plazo), o hasta agotarse el cupo de 300 participantes.&nbsp;<\/p>\n<p>No se devolver\u00e1 el importe de la inscripci\u00f3n, en ninguna circunstancia ajena a la organizaci\u00f3n, ni se reservar\u00e1n para el a\u00f1o pr\u00f3ximo en caso de la no participaci\u00f3n del inscrito. Marcha larga 24km precio desde 20 a 22\u20ac (IVA incluido), marcha corta 15km precio desde 18 a 20\u20ac (IVA incluido), variando en funci\u00f3n de la fecha de inscripci\u00f3n.<\/p>\n<p>La inscripci\u00f3n incluye:&nbsp;<\/p>\n<ul>\n<li>Derecho a tomar la salida.&nbsp;<\/li>\n<li>Seguro de accidente.&nbsp;<\/li>\n<li>Dorsal personalizado con nombre, (solo hasta el 22 de mayo de 2026) y chip.&nbsp;<\/li>\n<li>Avituallamiento l\u00edquido y s\u00f3lido en carrera.&nbsp;<\/li>\n<li>Avituallamiento post carrera comida y bebida gratis en meta.&nbsp;<\/li>\n<li>Atenci\u00f3n m\u00e9dico-sanitaria en caso de necesidad.&nbsp;<\/li>\n<li>Fotos profesionales en formato digital.&nbsp;<\/li>\n<\/ul>\n<p><strong><ins>Art. 10<\/ins><\/strong> La participaci\u00f3n en la prueba es bajo la responsabilidad y propio riesgo de los participantes. Se recomienda realizar una prueba de esfuerzo antes de la prueba para comprobar el estado de salud y seguir las recomendaciones m\u00e9dicas, ya que la prueba conlleva un esfuerzo muy exigente. Cada corredor deber\u00e1 apuntarse a la prueba acorde con sus condiciones f\u00edsicas.<\/p>\n<p>La organizaci\u00f3n dispondr\u00e1 de asistencia m\u00e9dica. Los corredores est\u00e1n obligados a ofrecer asistencia a cualquier otro participante que lo necesite.&nbsp;<\/p>\n<p><strong><ins>Art. 11<\/ins><\/strong> Los participantes NO dispondr\u00e1n del uso exclusivo de las carreteras, pistas y v\u00edas p\u00fablicas durante la prueba. El c\u00f3digo de circulaci\u00f3n deber\u00e1 ser respetado siempre y en todo momento durante la prueba. Las instrucciones ser\u00e1n estrictamente acatadas y respetadas, as\u00ed como las instrucciones de la organizaci\u00f3n. Las sanciones y da\u00f1os propios o ajenos causados directa o indirectamente por el corredor derivadas del desobedecimiento de las instrucciones dadas por la Organizaci\u00f3n y\/o voluntarios, y de las derivadas directa o indirectamente por no respetar las normas de circulaci\u00f3n vigentes durante la prueba ser\u00e1n responsabilidad exclusiva del corredor y nunca ser\u00e1n trasladadas a la organizaci\u00f3n.&nbsp;<\/p>\n<p><strong><ins>Art.12 <\/ins><\/strong>Todo participante deber\u00e1 llevar, de forma obligatoria y visible el dorsal entregado por la organizaci\u00f3n. Aquel participante que no lleve colocado de manera visible el dorsal ser\u00e1 excluido del recorrido por miembros de la organizaci\u00f3n. El dorsal es un art\u00edculo personal e intransferible. La persona inscrita s\u00f3lo podr\u00e1 participar con el dorsal que le ha sido asignado y acepta no permitir el uso de este a otras personas.&nbsp;<\/p>\n<p><strong><ins>Art.13<\/ins><\/strong> De manera estricta, se realizar\u00e1 la penalizaci\u00f3n de aquellos participantes que:&nbsp;<\/p>\n<p>\u2022 No respeten el c\u00f3digo de circulaci\u00f3n.&nbsp;<\/p>\n<p>\u2022 No respeten las consignas de seguridad indicadas por fuerzas del orden y por la propia organizaci\u00f3n.&nbsp;<\/p>\n<p>\u2022 No pasen por el control de salida y por otros situados en el recorrido.&nbsp;<\/p>\n<p>\u2022 Ensucien o degraden el itinerario, arrojando desperdicios.&nbsp;<\/p>\n<p>\u2022 Dispongan de veh\u00edculo de apoyo propio, entorpeciendo la marcha del resto de participantes u organizaci\u00f3n.&nbsp;<\/p>\n<p>\u2022 Comportamientos que impidan el normal desarrollo de la prueba y que vayan en contra del presente Reglamento.&nbsp;<\/p>\n<p>La organizaci\u00f3n tomar\u00e1 nota de aquellos participantes que realicen alguna de las conductas indicadas anteriormente. La organizaci\u00f3n adquiere el compromiso frente al resto de participantes y frente a las autoridades de sancionarlos de manera efectiva. La penalizaci\u00f3n consistir\u00e1 en:&nbsp;<\/p>\n<p>\u2022 Descalificaci\u00f3n de la prueba.&nbsp;<\/p>\n<p>\u2022 Inclusi\u00f3n en los listados de los participantes sancionados, para su posterior publicaci\u00f3n.&nbsp;<\/p>\n<p>\u2022 Prohibici\u00f3n de participar en futuras ediciones.&nbsp;<\/p>\n<p>\u2022 Las sanciones impuestas por las autoridades.&nbsp;<\/p>\n<p><strong><ins>Art. 14<\/ins><\/strong> La Organizaci\u00f3n no se hace responsable de ning\u00fan accidente del que pudiera ser causa o v\u00edctima el participante, que quedar\u00e1 cubierto por los seguros propios de la Organizaci\u00f3n, como tampoco se hace solidario de los gastos ni de las deudas que pudieran contraer los participantes durante la marcha, ni de los extrav\u00edos que pudiesen sufrir.&nbsp;<\/p>\n<p>El participante exime a la organizaci\u00f3n de responsabilidad por p\u00e9rdida o deterioro de objetos personales por cualquier circunstancia.&nbsp;<\/p>\n<p><strong><ins>Art.15<\/ins><\/strong> Derecho a la imagen.<\/p>\n<p>La aceptaci\u00f3n del presente reglamento implica obligatoriamente que el participante autoriza a la ORGANIZACI\u00d3N (Club Deportivo Popular Curue\u00f1o Xtrem) la grabaci\u00f3n total o parcial de su participaci\u00f3n en la misma, presta su consentimiento para que pueda ser utilizada su imagen en la promoci\u00f3n y difusi\u00f3n de la prueba, de todas las formas posibles (radio, prensa, video, foto, DVD, internet, carteles, medios de comunicaci\u00f3n, etc.) y cede todos los derechos relativos a la explotaci\u00f3n comercial y publicitaria que la ORGANIZACI\u00d3N considere oportuno ejecutar, sin derecho por su parte a recibir compensaci\u00f3n econ\u00f3mica alguna.&nbsp;<\/p>\n<p><strong><ins>Art.16<\/ins><\/strong> De acuerdo con lo establecido en la Ley de Protecci\u00f3n de Datos de Car\u00e1cter Personal, todos los datos de los participantes recogidos en el formulario de inscripci\u00f3n ser\u00e1n incluidos en un fichero privado propiedad de los organizadores de la prueba, con fines exclusivos de gesti\u00f3n de la prueba y de car\u00e1cter comercial para las marcas colaboradoras de la organizaci\u00f3n. Todos los interesados podr\u00e1n ejercer sus derechos de acceso, rectificaci\u00f3n, cancelaci\u00f3n y oposici\u00f3n de sus datos personales mediante correo electr\u00f3nico a: <strong>trailvalcesar@gmail.com<\/strong><\/p>\n<p><strong><ins>Art. 17 <\/ins><\/strong>La organizaci\u00f3n no asumir\u00e1 ninguna responsabilidad si el evento se suspende o aplaza por causas de fuerza mayor.&nbsp;<\/p>\n<p><strong><ins>Art. 18<\/ins><\/strong> La Organizaci\u00f3n se reserva el derecho de realizar las modificaciones oportunas, cuando por alg\u00fan motivo lo estime necesario. Y as\u00ed mismo se Reserva el Derecho de Admisi\u00f3n. El mero hecho de inscribirse en esta prueba supone la aceptaci\u00f3n del presente Reglamento y la renuncia a todos los derechos contra la organizaci\u00f3n. Renunciando a toda acci\u00f3n legal que pudiera derivarse de su participaci\u00f3n en la prueba.<\/p>\n<\/div>\n<\/div>\n<\/div>\n<p><strong>UBICACI\u00d3N \u2013 C\u00d3MO LLEGAR<\/strong><\/p>\n<p>Salida desde Le\u00f3n por la LE-311 hasta Robles de la Valcueva y desv\u00edo hacia La Vecilla de Curue\u00f1o por la CL-626. Finalmente tomar desv\u00edo en La Vecilla de Curue\u00f1o por la LE-321 direcci\u00f3n Valdelugueros.<\/p>\n<p><strong>GU\u00cdA ALOJAMIENTO:<\/strong><\/p>\n<p>\u201cLas Casas de Valdepi\u00e9lago\u201d.<\/p>\n<p>\u201cEl Molino de Nocedo\u201d. Nocedo de Curue\u00f1o.<\/p>\n<p>\u201cEl Canto del Gallo\u201d. Ranedo de Curue\u00f1o.<\/p>\n<p>\u201cFuente del Oso\u201d. Aviados.<\/p>\n<p>\u00abCasa Abuelo Moises\u00bb. Sope\u00f1a de Curue\u00f1o.<\/p>\n<p><strong>&nbsp;<\/strong><\/p>\n<p><strong>QUE PUEDES VISITAR:<\/strong><\/p>\n<p>El Valle del Curue\u00f1o cuenta con paisajes naturales atractivos y ofrece diversas actividades para los participantes y sus acompa\u00f1antes. Aqu\u00ed van algunas sugerencias de cosas que puedes hacer en el Valle de Curue\u00f1o y sus alrededores:<\/p>\n<p><strong>&nbsp;<\/strong><\/p>\n<ul>\n<li><strong><u>Senderismo<\/u><\/strong>: explora las diferentes rutas que hay en todo el valle. Picos, montes, bosques, r\u00edos\u2026 La visita m\u00e1s habitual es a la \u201cCascada Cola de Caballo\u201d en el pueblo de Nocedo de Curue\u00f1o<\/li>\n<li><strong><u>Visita los pueblos<\/u><\/strong>: Conoce los encantadores y acogedores pueblos de la comarca. Lugueros, Valdepi\u00e9lago, Valdorria, La Vecilla de Curue\u00f1o\u2026 En ellos podremos encontrar algunos tesoros como puentes romanos durante el cauce del r\u00edo Curue\u00f1o, el Torre\u00f3n de La Vecilla de Curue\u00f1o o La Ermita de San Froil\u00e1n en Valdorria, entre muchos otros.<\/li>\n<li><strong><u>Gastronom\u00eda local<\/u><\/strong>: Prueba la cocina local en los diferentes restaurantes y bares de la zona. La sopa de truchas es un plato t\u00edpico, as\u00ed como los embutidos y dulces artesanos.<\/li>\n<li><strong><u>Pesca<\/u><\/strong><u>:<\/u> El r\u00edo Curue\u00f1o es un lugar ideal para su pr\u00e1ctica, adem\u00e1s la pluma de los gallos del Curue\u00f1o con la que se hacen las moscas es de reconocimiento mundial.<\/li>\n<li><strong><u>Rutas en bicicleta<\/u>:<\/strong> al igual que el senderismo, la bicicleta te descubrir\u00e1 rincones maravillosos en la zona. Tanto de monta\u00f1a como de carretera. Cabe destacar que en este valle se organiza una de las carreras de MTB de alta monta\u00f1a m\u00e1s conocida por los ciclistas. Se lleva organizando cinco a\u00f1os y promete seguir adelante debido al reconocimiento y popularidad de la misma, fruto del trabajo de la organizaci\u00f3n y la implicaci\u00f3n de los numerosos voluntarios. Aprovecha el fin de semana para conocer su recorrido y privilegiados paisajes. <a href=\"http:\/\/www.curue\u00f1oxtrem.es\">curue\u00f1oxtrem.es<\/a><\/li>\n<\/ul>\n<p><strong>&nbsp;<\/strong><\/p>\n<p><strong>GU\u00cdA GASTRON\u00d3MICA<\/strong><\/p>\n<p>El Zagu\u00e1n de Colin, Valdepi\u00e9lago<\/p>\n<p>Casa Cultura De Otero de Curue\u00f1o<\/p>\n<p>Restaurante Fuentes del Oso, Aviados<\/p>\n<p>Restaurante Las Hoces, La Vecilla<\/p>\n<p>La Escuela, Tolibia de Abajo<\/p>\n<p><\/p>\n<p><strong>PATROCINADORES<\/strong><\/p>\n<div>Drasanvi<\/div>\n<div>\n<p>Teinsa Le\u00f3n<br>Fontaner\u00eda Florez<br>Clandestino GastroBar<br>Ismalu<br>Diputaci\u00f3n de Le\u00f3n<br>La Despensa de Fer<br>Morcillas Morvega<br>Cervecer\u00eda Pasaje<br>Restaurante Pico Pico<br>Mart\u00edn Mielgo<br>Prolimde<br>Ayuntamiento de la Vecilla<\/p><p>Ayuntamiento de Valdepi\u00e9lago<br>Aquadrive<br>Bo\u00f1ar Forestal<br>Enoc<br>Jayer s.l.<br>Legitrans<br>Paellas y +<br>Insur Legio<br>Quela<br>Caja Rural<\/p>\n<\/div>\n<div><b>COLABORADORES<\/b><\/div>\n<div>&nbsp;<\/div>\n<div>Frutas Sabi<br>Excavaciones Eros<br>Maderas Y Chapas T. Sierra<br>La Fruter\u00eda de Rafa<br>El Molino de Nocedo<br>Restaurante Celso<br>Kayak Pico azul<br>Miel Montes del Curue\u00f1o<br>Auto Crista M\u00f3vil<br>Reformas Ren\u00e9<br>Alojamiento Tur\u00edstico Pardomino<\/div>\n<div><br><\/div>\n<p>&nbsp;<\/p>\n<p><\/p>\t\t\t\t\t\t\t\t<\/div>\n\t\t\t\t<\/div>\n\t\t\t\t<div class=\"elementor-element elementor-element-vetwmfd elementor-align-center elementor-widget elementor-widget-button\" data-id=\"vetwmfd\" data-element_type=\"widget\" data-e-type=\"widget\" data-widget_type=\"button.default\">\n\t\t\t\t<div class=\"elementor-widget-container\">\n\t\t\t\t\t\t\t\t\t<div class=\"elementor-button-wrapper\">\n\t\t\t\t\t<a class=\"elementor-button elementor-button-link elementor-size-sm\" href=\"https:\/\/desafiovalcesar.com\/wp-content\/uploads\/2026\/01\/DOSSIER-III-DESAFIO-TRAIL_20260128_145517_0000.pdf\" target=\"_blank\">\n\t\t\t\t\t\t<span class=\"elementor-button-content-wrapper\">\n\t\t\t\t\t\t<span class=\"elementor-button-icon\">\n\t\t\t\t<svg aria-hidden=\"true\" class=\"e-font-icon-svg e-far-file-pdf\" viewBox=\"0 0 384 512\" xmlns=\"http:\/\/www.w3.org\/2000\/svg\"><path d=\"M369.9 97.9L286 14C277 5 264.8-.1 252.1-.1H48C21.5 0 0 21.5 0 48v416c0 26.5 21.5 48 48 48h288c26.5 0 48-21.5 48-48V131.9c0-12.7-5.1-25-14.1-34zM332.1 128H256V51.9l76.1 76.1zM48 464V48h160v104c0 13.3 10.7 24 24 24h104v288H48zm250.2-143.7c-12.2-12-47-8.7-64.4-6.5-17.2-10.5-28.7-25-36.8-46.3 3.9-16.1 10.1-40.6 5.4-56-4.2-26.2-37.8-23.6-42.6-5.9-4.4 16.1-.4 38.5 7 67.1-10 23.9-24.9 56-35.4 74.4-20 10.3-47 26.2-51 46.2-3.3 15.8 26 55.2 76.1-31.2 22.4-7.4 46.8-16.5 68.4-20.1 18.9 10.2 41 17 55.8 17 25.5 0 28-28.2 17.5-38.7zm-198.1 77.8c5.1-13.7 24.5-29.5 30.4-35-19 30.3-30.4 35.7-30.4 35zm81.6-190.6c7.4 0 6.7 32.1 1.8 40.8-4.4-13.9-4.3-40.8-1.8-40.8zm-24.4 136.6c9.7-16.9 18-37 24.7-54.7 8.3 15.1 18.9 27.2 30.1 35.5-20.8 4.3-38.9 13.1-54.8 19.2zm131.6-5s-5 6-37.3-7.8c35.1-2.6 40.9 5.4 37.3 7.8z\"><\/path><\/svg>\t\t\t<\/span>\n\t\t\t\t\t\t\t\t\t<span class=\"elementor-button-text\">DESCARGAR DOSIER<\/span>\n\t\t\t\t\t<\/span>\n\t\t\t\t\t<\/a>\n\t\t\t\t<\/div>\n\t\t\t\t\t\t\t\t<\/div>\n\t\t\t\t<\/div>\n\t\t\t\t\t<\/div>\n\t\t<\/div>\n\t\t\t\t\t<\/div>\n\t\t<\/section>\n\t\t\t\t<\/div>\n\t\t","protected":false},"excerpt":{"rendered":"<p>El Desaf\u00edo Valcesar nace con un prop\u00f3sito claro: ense\u00f1ar la riqueza de una regi\u00f3n desconocida, el Valle del Curue\u00f1o, en la monta\u00f1a oriental leonesa. Situado al norte de la provincia de Le\u00f3n, a tan solo 30 minutos de la ciudad de Le\u00f3n y perfectamente comunicada por carretera o ferrocarril de v\u00eda estrecha. El nombre del [&hellip;]<\/p>\n","protected":false},"author":1,"featured_media":0,"parent":0,"menu_order":0,"comment_status":"closed","ping_status":"closed","template":"","meta":{"ocean_post_layout":"full-width","ocean_both_sidebars_style":"","ocean_both_sidebars_content_width":0,"ocean_both_sidebars_sidebars_width":0,"ocean_sidebar":"","ocean_second_sidebar":"","ocean_disable_margins":"enable","ocean_add_body_class":"","ocean_shortcode_before_top_bar":"","ocean_shortcode_after_top_bar":"","ocean_shortcode_before_header":"","ocean_shortcode_after_header":"","ocean_has_shortcode":"","ocean_shortcode_after_title":"","ocean_shortcode_before_footer_widgets":"","ocean_shortcode_after_footer_widgets":"","ocean_shortcode_before_footer_bottom":"","ocean_shortcode_after_footer_bottom":"","ocean_display_top_bar":"default","ocean_display_header":"default","ocean_header_style":"","ocean_center_header_left_menu":"","ocean_custom_header_template":"","ocean_custom_logo":0,"ocean_custom_retina_logo":0,"ocean_custom_logo_max_width":0,"ocean_custom_logo_tablet_max_width":0,"ocean_custom_logo_mobile_max_width":0,"ocean_custom_logo_max_height":0,"ocean_custom_logo_tablet_max_height":0,"ocean_custom_logo_mobile_max_height":0,"ocean_header_custom_menu":"","ocean_menu_typo_font_family":"","ocean_menu_typo_font_subset":"","ocean_menu_typo_font_size":0,"ocean_menu_typo_font_size_tablet":0,"ocean_menu_typo_font_size_mobile":0,"ocean_menu_typo_font_size_unit":"px","ocean_menu_typo_font_weight":"","ocean_menu_typo_font_weight_tablet":"","ocean_menu_typo_font_weight_mobile":"","ocean_menu_typo_transform":"","ocean_menu_typo_transform_tablet":"","ocean_menu_typo_transform_mobile":"","ocean_menu_typo_line_height":0,"ocean_menu_typo_line_height_tablet":0,"ocean_menu_typo_line_height_mobile":0,"ocean_menu_typo_line_height_unit":"","ocean_menu_typo_spacing":0,"ocean_menu_typo_spacing_tablet":0,"ocean_menu_typo_spacing_mobile":0,"ocean_menu_typo_spacing_unit":"","ocean_menu_link_color":"","ocean_menu_link_color_hover":"","ocean_menu_link_color_active":"","ocean_menu_link_background":"","ocean_menu_link_hover_background":"","ocean_menu_link_active_background":"","ocean_menu_social_links_bg":"","ocean_menu_social_hover_links_bg":"","ocean_menu_social_links_color":"","ocean_menu_social_hover_links_color":"","ocean_disable_title":"on","ocean_disable_heading":"default","ocean_post_title":"","ocean_post_subheading":"","ocean_post_title_style":"","ocean_post_title_background_color":"","ocean_post_title_background":0,"ocean_post_title_bg_image_position":"","ocean_post_title_bg_image_attachment":"","ocean_post_title_bg_image_repeat":"","ocean_post_title_bg_image_size":"","ocean_post_title_height":0,"ocean_post_title_bg_overlay":0.5,"ocean_post_title_bg_overlay_color":"","ocean_disable_breadcrumbs":"default","ocean_breadcrumbs_color":"","ocean_breadcrumbs_separator_color":"","ocean_breadcrumbs_links_color":"","ocean_breadcrumbs_links_hover_color":"","ocean_display_footer_widgets":"default","ocean_display_footer_bottom":"default","ocean_custom_footer_template":"","footnotes":""},"class_list":["post-406","page","type-page","status-publish","hentry","entry"],"_links":{"self":[{"href":"https:\/\/desafiovalcesar.com\/index.php\/wp-json\/wp\/v2\/pages\/406","targetHints":{"allow":["GET"]}}],"collection":[{"href":"https:\/\/desafiovalcesar.com\/index.php\/wp-json\/wp\/v2\/pages"}],"about":[{"href":"https:\/\/desafiovalcesar.com\/index.php\/wp-json\/wp\/v2\/types\/page"}],"author":[{"embeddable":true,"href":"https:\/\/desafiovalcesar.com\/index.php\/wp-json\/wp\/v2\/users\/1"}],"replies":[{"embeddable":true,"href":"https:\/\/desafiovalcesar.com\/index.php\/wp-json\/wp\/v2\/comments?post=406"}],"version-history":[{"count":170,"href":"https:\/\/desafiovalcesar.com\/index.php\/wp-json\/wp\/v2\/pages\/406\/revisions"}],"predecessor-version":[{"id":2540,"href":"https:\/\/desafiovalcesar.com\/index.php\/wp-json\/wp\/v2\/pages\/406\/revisions\/2540"}],"wp:attachment":[{"href":"https:\/\/desafiovalcesar.com\/index.php\/wp-json\/wp\/v2\/media?parent=406"}],"curies":[{"name":"wp","href":"https:\/\/api.w.org\/{rel}","templated":true}]}}